{"id":650,"date":"2020-10-24T20:06:17","date_gmt":"2020-10-24T18:06:17","guid":{"rendered":"https:\/\/www.canalsnadal.com\/quienes-somos\/"},"modified":"2023-02-06T08:31:38","modified_gmt":"2023-02-06T07:31:38","slug":"quienes-somos","status":"publish","type":"page","link":"https:\/\/www.canalsnadal.com\/es\/quienes-somos\/","title":{"rendered":"\u00bfQui\u00e9nes somos?"},"content":{"rendered":"<div class=\"wpb-content-wrapper\"><p>[vc_row][vc_column]<div class=\"ftc-heading heading-1 style-1\"><h1>CANALS NADAL<\/h1><\/div>[\/vc_column][\/vc_row][vc_row css=&#8221;.vc_custom_1494840085149{margin-top: 15px !important;margin-bottom: 30px !important;}&#8221; el_class=&#8221;about-us&#8221;][vc_column width=&#8221;1\/2&#8243;][vc_column_text css=&#8221;.vc_custom_1599814230228{margin-bottom: 0px !important;}&#8221;]<\/p>\n<blockquote>\n<h3>La bodega de Antoni Canals Nadal nace con la voluntad de continuar la tradici\u00f3n familiar vin\u00edcola del Pened\u00e8s.<\/h3>\n<\/blockquote>\n<p>[\/vc_column_text][vc_single_image image=&#8221;135&#8243; img_size=&#8221;large&#8221; add_caption=&#8221;yes&#8221; alignment=&#8221;center&#8221; style=&#8221;vc_box_border_circle_2&#8243; css_animation=&#8221;fadeInLeft&#8221;]<div class=\"ftc-heading heading-2 style-1\"><h2>HERENCIA<\/h2><\/div>[vc_column_text]En la d\u00e9cada de los 80, <strong>Antoni Canals Nadal<\/strong>, decide empezar a elaborar sus propios cavas. Conjuntamente con sus hijos, entre ellos el en\u00f3logo <strong>Joan Miquel Canals Bosch<\/strong>, inician una peque\u00f1a producci\u00f3n en la bodega, donde antes se comercializaba con vino y se fabricaban toneles artesanalmente. Ubicados en el peque\u00f1o pueblo del Pened\u00e8s, <strong>El Pla del Pened\u00e8s<\/strong>.<\/p>\n<p><strong>Antoni Canals<\/strong> ha estado vinculado en el mundo del vino des de su infancia: el abuelo, Miquel Nadal y el padre, Pau Canals ten\u00edan un taller de toneleria y una bodega para la preparaci\u00f3n de vinos base cava y su comercializaci\u00f3n, actividad que data del siglo XIX.[\/vc_column_text][vc_single_image image=&#8221;474&#8243; img_size=&#8221;large&#8221; add_caption=&#8221;yes&#8221; alignment=&#8221;center&#8221; style=&#8221;vc_box_shadow_3d&#8221; css_animation=&#8221;zoomInLeft&#8221;][\/vc_column][vc_column width=&#8221;1\/2&#8243;][vc_column_text]En nuestros cavas, queremos preservar esta <strong>herencia<\/strong> familiar y elaborar productos de <strong>calidad<\/strong>, manteniendo la <strong>tradici\u00f3n<\/strong>, utilizando las <strong>variedades aut\u00f3ctonas<\/strong> y una apuesta por la <strong>innovaci\u00f3n<\/strong> con elaboraciones atrevidas.[\/vc_column_text]<div class=\"ftc-heading heading-2 style-1\"><h2>EL EN\u00d3LOGO<\/h2><\/div>[vc_column_text]<strong>Joan Miquel Canals<\/strong> en\u00f3logo formado en Falset, licenciado en ciencias qu\u00edmicas en 1992 por la Universidad de Barcelona y doctorado en 1997 por la Universidad Rovira y Virgili, donde es profesor titular a la Facultat d\u2019Enologia Miembro y <strong>expresidente<\/strong> del <strong>Colegio de En\u00f3logas<\/strong> <strong>y<\/strong> <strong>En\u00f3logos<\/strong> <strong>de<\/strong> <strong>Catalu\u00f1a<\/strong> Experto en los factores de calidad que influyen en la percepci\u00f3n sensorial en los vinos y los escumosos en particular. M\u00e1s de 50 publicaciones internacionales, participa anualmente en las reuniones m\u00e1s importantes a nivel mundial en enologia y viticultura. <strong>Desde 1983<\/strong> elabora vinos base con las variedades tradicionales.<\/p>\n<p>En\u00f3logo de las cavas familiares des del inicio, donde ha desarrollado la l\u00ednea de productos actuales en el marco de una filosofia de <strong>mejora constante<\/strong> con el <strong>respeto por la naturaleza<\/strong> e intentando <strong>minimizar la huella humana<\/strong> en sus vinos.[\/vc_column_text]<div class=\"ftc-heading heading-2 style-1\"><h2>PERSONALIDAD<\/h2><\/div>[vc_column_text]Trabajamos principalmente con las variedades aut\u00f3ctonas y tradicionales del Pened\u00e8s, el <strong>Macabeu<\/strong>, el <strong>Xarel\u00b7lo<\/strong> i la <strong>Parellada<\/strong>. Apostamos por cavas y vinos de calidad con el objectivo de elaborar productos con una gran personalidad.<\/p>\n<p>Tenemos los productos de cupaje tradicional y nos divertimos haciendo nuevos proyectos con cavas monovarietales y cupajes atrevidos, pero siempre respetando el proceso de elaboraci\u00f3n, nos mantenemos fieles al modo de trabajo tradicional indispensable para obtener los mejores cavas, dando tiempo al tiempo.[\/vc_column_text][vc_single_image image=&#8221;119&#8243; img_size=&#8221;large&#8221; add_caption=&#8221;yes&#8221; alignment=&#8221;center&#8221; style=&#8221;vc_box_shadow_border&#8221; onclick=&#8221;zoom&#8221; css_animation=&#8221;fadeInRight&#8221;][vc_column_text]<\/p>\n<blockquote>\n<h3>Queremos contagiar la ilusi\u00f3n de nuestro trabajo respetando el territorio y la tradici\u00f3n, sin olvidar la innovaci\u00f3n<\/h3>\n<\/blockquote>\n<p>[\/vc_column_text][\/vc_column][\/vc_row][vc_row full_width=&#8221;stretch_row&#8221;][vc_column]<div class=\"ftc-heading heading-2 style-1\"><h2>EL EQUIPO<\/h2><\/div>[\/vc_column][\/vc_row][vc_row full_width=&#8221;stretch_row&#8221; css=&#8221;.vc_custom_1568945276733{margin-bottom: 5px !important;}&#8221; el_class=&#8221;cate-page-about-us&#8221;][vc_column width=&#8221;1\/4&#8243;][vc_column_text]<\/p>\n<div class=\"ftc-team-member style-1\">\n<div class=\"content-info\">\n<div class=\"image-thumbnail-no-social-links ftc-smooth-image smooth-image ftc-smooth wpb_start_animation animated\">\n<figure><img loading=\"lazy\" decoding=\"async\" class=\"alignnone size-medium\" src=\"https:\/\/www.canalsnadal.com\/wp-content\/uploads\/2020\/09\/Joan-M-Canals.png\" alt=\"Joan Miquel Canals\" width=\"300\" height=\"300\" \/><\/figure>\n<\/div>\n<header>\n<h3>Joan Miquel Canals<\/h3>\n<p><span class=\"role\">En\u00f2leg<\/span><\/p>\n<\/header>\n<\/div>\n<\/div>\n<p>[\/vc_column_text][\/vc_column][vc_column width=&#8221;1\/4&#8243;][vc_column_text]<\/p>\n<div class=\"ftc-team-member style-1\">\n<div class=\"content-info\">\n<div class=\"image-thumbnail-no-social-links ftc-smooth-image smooth-image ftc-smooth wpb_start_animation animated\">\n<figure><img loading=\"lazy\" decoding=\"async\" class=\"alignnone size-medium\" src=\"https:\/\/www.canalsnadal.com\/wp-content\/uploads\/2020\/09\/Imma-Canals.png\" alt=\"Imma Canals\" width=\"300\" height=\"300\" \/><\/figure>\n<\/div>\n<header>\n<h3>Imma Canals<\/h3>\n<p><span class=\"role\">Administraci\u00f3 i Responsable comercial<\/span><\/p>\n<\/header>\n<\/div>\n<\/div>\n<p>[\/vc_column_text][\/vc_column][vc_column width=&#8221;1\/4&#8243;][vc_column_text]<\/p>\n<div class=\"ftc-team-member style-1\">\n<div class=\"content-info\">\n<div class=\"image-thumbnail-no-social-links ftc-smooth-image smooth-image ftc-smooth wpb_start_animation animated\">\n<figure><img loading=\"lazy\" decoding=\"async\" class=\"alignnone size-medium\" src=\"https:\/\/www.canalsnadal.com\/wp-content\/uploads\/2020\/09\/Albert-Canals-2.png\" alt=\"Albert Canals\" width=\"300\" height=\"300\" \/><\/figure>\n<\/div>\n<header>\n<h3>Albert Canals<\/h3>\n<p>Gerent i Responsable celler<\/p>\n<\/header>\n<\/div>\n<\/div>\n<p>[\/vc_column_text][\/vc_column][vc_column width=&#8221;1\/4&#8243;][vc_column_text]<\/p>\n<div class=\"ftc-team-member style-1\">\n<div class=\"content-info\">\n<div class=\"image-thumbnail-no-social-links ftc-smooth-image smooth-image ftc-smooth wpb_start_animation animated\">\n<figure><img loading=\"lazy\" decoding=\"async\" class=\"alignnone size-medium\" src=\"https:\/\/www.canalsnadal.com\/wp-content\/uploads\/2020\/10\/Patrick-Webb.png\" alt=\"Patrik Webb\" width=\"300\" height=\"300\" \/><\/figure>\n<\/div>\n<header>\n<h3>Patrick Webb<\/h3>\n<p>Export Manager<\/p>\n<\/header>\n<\/div>\n<\/div>\n<p>[\/vc_column_text][\/vc_column][\/vc_row]<\/p>\n<\/div>","protected":false},"excerpt":{"rendered":"<p>[vc_row][vc_column][\/vc_column][\/vc_row][vc_row css=&#8221;.vc_custom_1494840085149{margin-top: 15px !important;margin-bottom: 30px !important;}&#8221; el_class=&#8221;about-us&#8221;][vc_column width=&#8221;1\/2&#8243;][vc_column_text css=&#8221;.vc_custom_1599814230228{margin-bottom: 0px !important;}&#8221;] La bodega de Antoni Canals Nadal nace con la voluntad de continuar la tradici\u00f3n familiar vin\u00edcola del Pened\u00e8s. [\/vc_column_text][vc_single_image image=&#8221;135&#8243; img_size=&#8221;large&#8221; add_caption=&#8221;yes&#8221; alignment=&#8221;center&#8221; style=&#8221;vc_box_border_circle_2&#8243; css_animation=&#8221;fadeInLeft&#8221;][vc_column_text]En la d\u00e9cada de los 80, Antoni Canals Nadal, decide empezar a elaborar sus propios cavas. Conjuntamente con sus hijos, [&hellip;]<\/p>\n","protected":false},"author":1,"featured_media":0,"parent":0,"menu_order":0,"comment_status":"closed","ping_status":"closed","template":"","meta":{"footnotes":""},"class_list":["post-650","page","type-page","status-publish","hentry"],"yoast_head":"<!-- This site is optimized with the Yoast SEO plugin v27.5 - https:\/\/yoast.com\/product\/yoast-seo-wordpress\/ -->\n<title>\u00bfQui\u00e9nes somos? - Canals Nadal<\/title>\n<meta name=\"description\" content=\"Historia: En la d\u00e9cada de los 80, Antoni Canals Nadal, decide empezar a elaborar sus propios cavas. Conjuntamente con sus hijos, inician una peque\u00f1a producci\u00f3n\" \/>\n<meta name=\"robots\" content=\"index, follow, max-snippet:-1, max-image-preview:large, max-video-preview:-1\" \/>\n<link rel=\"canonical\" href=\"https:\/\/www.canalsnadal.com\/qui-som\/\" \/>\n<meta property=\"og:locale\" content=\"es_ES\" \/>\n<meta property=\"og:type\" content=\"article\" \/>\n<meta property=\"og:title\" content=\"\u00bfQui\u00e9nes somos? - Canals Nadal\" \/>\n<meta property=\"og:description\" content=\"Historia: En la d\u00e9cada de los 80, Antoni Canals Nadal, decide empezar a elaborar sus propios cavas. Conjuntamente con sus hijos, inician una peque\u00f1a producci\u00f3n\" \/>\n<meta property=\"og:url\" content=\"https:\/\/www.canalsnadal.com\/qui-som\/\" \/>\n<meta property=\"og:site_name\" content=\"Canals Nadal\" \/>\n<meta property=\"article:publisher\" content=\"https:\/\/ca-es.facebook.com\/canalsnadal\/\" \/>\n<meta property=\"article:modified_time\" content=\"2023-02-06T07:31:38+00:00\" \/>\n<meta property=\"og:image\" content=\"https:\/\/www.canalsnadal.com\/wp-content\/uploads\/2020\/09\/Joan-M-Canals.png\" \/>\n<meta name=\"twitter:card\" content=\"summary_large_image\" \/>\n<meta name=\"twitter:site\" content=\"@canalsnadal\" \/>\n<meta name=\"twitter:label1\" content=\"Tiempo de lectura\" \/>\n\t<meta name=\"twitter:data1\" content=\"4 minutos\" \/>\n<script type=\"application\/ld+json\" class=\"yoast-schema-graph\">{\"@context\":\"https:\\\/\\\/schema.org\",\"@graph\":[{\"@type\":\"WebPage\",\"@id\":\"https:\\\/\\\/www.canalsnadal.com\\\/qui-som\\\/\",\"url\":\"https:\\\/\\\/www.canalsnadal.com\\\/qui-som\\\/\",\"name\":\"\u00bfQui\u00e9nes somos? - Canals Nadal\",\"isPartOf\":{\"@id\":\"https:\\\/\\\/www.canalsnadal.com\\\/#website\"},\"primaryImageOfPage\":{\"@id\":\"https:\\\/\\\/www.canalsnadal.com\\\/qui-som\\\/#primaryimage\"},\"image\":{\"@id\":\"https:\\\/\\\/www.canalsnadal.com\\\/qui-som\\\/#primaryimage\"},\"thumbnailUrl\":\"https:\\\/\\\/www.canalsnadal.com\\\/wp-content\\\/uploads\\\/2020\\\/09\\\/Joan-M-Canals.png\",\"datePublished\":\"2020-10-24T18:06:17+00:00\",\"dateModified\":\"2023-02-06T07:31:38+00:00\",\"description\":\"Historia: En la d\u00e9cada de los 80, Antoni Canals Nadal, decide empezar a elaborar sus propios cavas. Conjuntamente con sus hijos, inician una peque\u00f1a producci\u00f3n\",\"breadcrumb\":{\"@id\":\"https:\\\/\\\/www.canalsnadal.com\\\/qui-som\\\/#breadcrumb\"},\"inLanguage\":\"es\",\"potentialAction\":[{\"@type\":\"ReadAction\",\"target\":[\"https:\\\/\\\/www.canalsnadal.com\\\/qui-som\\\/\"]}]},{\"@type\":\"ImageObject\",\"inLanguage\":\"es\",\"@id\":\"https:\\\/\\\/www.canalsnadal.com\\\/qui-som\\\/#primaryimage\",\"url\":\"https:\\\/\\\/www.canalsnadal.com\\\/wp-content\\\/uploads\\\/2020\\\/09\\\/Joan-M-Canals.png\",\"contentUrl\":\"https:\\\/\\\/www.canalsnadal.com\\\/wp-content\\\/uploads\\\/2020\\\/09\\\/Joan-M-Canals.png\"},{\"@type\":\"BreadcrumbList\",\"@id\":\"https:\\\/\\\/www.canalsnadal.com\\\/qui-som\\\/#breadcrumb\",\"itemListElement\":[{\"@type\":\"ListItem\",\"position\":1,\"name\":\"Canals Nadal\",\"item\":\"https:\\\/\\\/www.canalsnadal.com\\\/es\\\/\"},{\"@type\":\"ListItem\",\"position\":2,\"name\":\"\u00bfQui\u00e9nes somos?\"}]},{\"@type\":\"WebSite\",\"@id\":\"https:\\\/\\\/www.canalsnadal.com\\\/#website\",\"url\":\"https:\\\/\\\/www.canalsnadal.com\\\/\",\"name\":\"Canals Nadal\",\"description\":\"Caves Canals Nadal\",\"publisher\":{\"@id\":\"https:\\\/\\\/www.canalsnadal.com\\\/#organization\"},\"potentialAction\":[{\"@type\":\"SearchAction\",\"target\":{\"@type\":\"EntryPoint\",\"urlTemplate\":\"https:\\\/\\\/www.canalsnadal.com\\\/?s={search_term_string}\"},\"query-input\":{\"@type\":\"PropertyValueSpecification\",\"valueRequired\":true,\"valueName\":\"search_term_string\"}}],\"inLanguage\":\"es\"},{\"@type\":\"Organization\",\"@id\":\"https:\\\/\\\/www.canalsnadal.com\\\/#organization\",\"name\":\"Canals Nadal\",\"url\":\"https:\\\/\\\/www.canalsnadal.com\\\/\",\"logo\":{\"@type\":\"ImageObject\",\"inLanguage\":\"es\",\"@id\":\"https:\\\/\\\/www.canalsnadal.com\\\/#\\\/schema\\\/logo\\\/image\\\/\",\"url\":\"https:\\\/\\\/www.canalsnadal.com\\\/wp-content\\\/uploads\\\/2020\\\/07\\\/Canals-Nadal-logo-web-min.png\",\"contentUrl\":\"https:\\\/\\\/www.canalsnadal.com\\\/wp-content\\\/uploads\\\/2020\\\/07\\\/Canals-Nadal-logo-web-min.png\",\"width\":332,\"height\":130,\"caption\":\"Canals Nadal\"},\"image\":{\"@id\":\"https:\\\/\\\/www.canalsnadal.com\\\/#\\\/schema\\\/logo\\\/image\\\/\"},\"sameAs\":[\"https:\\\/\\\/ca-es.facebook.com\\\/canalsnadal\\\/\",\"https:\\\/\\\/x.com\\\/canalsnadal\",\"https:\\\/\\\/www.instagram.com\\\/canals_nadal\\\/\"]}]}<\/script>\n<!-- \/ Yoast SEO plugin. -->","yoast_head_json":{"title":"\u00bfQui\u00e9nes somos? - Canals Nadal","description":"Historia: En la d\u00e9cada de los 80, Antoni Canals Nadal, decide empezar a elaborar sus propios cavas. Conjuntamente con sus hijos, inician una peque\u00f1a producci\u00f3n","robots":{"index":"index","follow":"follow","max-snippet":"max-snippet:-1","max-image-preview":"max-image-preview:large","max-video-preview":"max-video-preview:-1"},"canonical":"https:\/\/www.canalsnadal.com\/qui-som\/","og_locale":"es_ES","og_type":"article","og_title":"\u00bfQui\u00e9nes somos? - Canals Nadal","og_description":"Historia: En la d\u00e9cada de los 80, Antoni Canals Nadal, decide empezar a elaborar sus propios cavas. Conjuntamente con sus hijos, inician una peque\u00f1a producci\u00f3n","og_url":"https:\/\/www.canalsnadal.com\/qui-som\/","og_site_name":"Canals Nadal","article_publisher":"https:\/\/ca-es.facebook.com\/canalsnadal\/","article_modified_time":"2023-02-06T07:31:38+00:00","og_image":[{"url":"https:\/\/www.canalsnadal.com\/wp-content\/uploads\/2020\/09\/Joan-M-Canals.png","type":"","width":"","height":""}],"twitter_card":"summary_large_image","twitter_site":"@canalsnadal","twitter_misc":{"Tiempo de lectura":"4 minutos"},"schema":{"@context":"https:\/\/schema.org","@graph":[{"@type":"WebPage","@id":"https:\/\/www.canalsnadal.com\/qui-som\/","url":"https:\/\/www.canalsnadal.com\/qui-som\/","name":"\u00bfQui\u00e9nes somos? - Canals Nadal","isPartOf":{"@id":"https:\/\/www.canalsnadal.com\/#website"},"primaryImageOfPage":{"@id":"https:\/\/www.canalsnadal.com\/qui-som\/#primaryimage"},"image":{"@id":"https:\/\/www.canalsnadal.com\/qui-som\/#primaryimage"},"thumbnailUrl":"https:\/\/www.canalsnadal.com\/wp-content\/uploads\/2020\/09\/Joan-M-Canals.png","datePublished":"2020-10-24T18:06:17+00:00","dateModified":"2023-02-06T07:31:38+00:00","description":"Historia: En la d\u00e9cada de los 80, Antoni Canals Nadal, decide empezar a elaborar sus propios cavas. Conjuntamente con sus hijos, inician una peque\u00f1a producci\u00f3n","breadcrumb":{"@id":"https:\/\/www.canalsnadal.com\/qui-som\/#breadcrumb"},"inLanguage":"es","potentialAction":[{"@type":"ReadAction","target":["https:\/\/www.canalsnadal.com\/qui-som\/"]}]},{"@type":"ImageObject","inLanguage":"es","@id":"https:\/\/www.canalsnadal.com\/qui-som\/#primaryimage","url":"https:\/\/www.canalsnadal.com\/wp-content\/uploads\/2020\/09\/Joan-M-Canals.png","contentUrl":"https:\/\/www.canalsnadal.com\/wp-content\/uploads\/2020\/09\/Joan-M-Canals.png"},{"@type":"BreadcrumbList","@id":"https:\/\/www.canalsnadal.com\/qui-som\/#breadcrumb","itemListElement":[{"@type":"ListItem","position":1,"name":"Canals Nadal","item":"https:\/\/www.canalsnadal.com\/es\/"},{"@type":"ListItem","position":2,"name":"\u00bfQui\u00e9nes somos?"}]},{"@type":"WebSite","@id":"https:\/\/www.canalsnadal.com\/#website","url":"https:\/\/www.canalsnadal.com\/","name":"Canals Nadal","description":"Caves Canals Nadal","publisher":{"@id":"https:\/\/www.canalsnadal.com\/#organization"},"potentialAction":[{"@type":"SearchAction","target":{"@type":"EntryPoint","urlTemplate":"https:\/\/www.canalsnadal.com\/?s={search_term_string}"},"query-input":{"@type":"PropertyValueSpecification","valueRequired":true,"valueName":"search_term_string"}}],"inLanguage":"es"},{"@type":"Organization","@id":"https:\/\/www.canalsnadal.com\/#organization","name":"Canals Nadal","url":"https:\/\/www.canalsnadal.com\/","logo":{"@type":"ImageObject","inLanguage":"es","@id":"https:\/\/www.canalsnadal.com\/#\/schema\/logo\/image\/","url":"https:\/\/www.canalsnadal.com\/wp-content\/uploads\/2020\/07\/Canals-Nadal-logo-web-min.png","contentUrl":"https:\/\/www.canalsnadal.com\/wp-content\/uploads\/2020\/07\/Canals-Nadal-logo-web-min.png","width":332,"height":130,"caption":"Canals Nadal"},"image":{"@id":"https:\/\/www.canalsnadal.com\/#\/schema\/logo\/image\/"},"sameAs":["https:\/\/ca-es.facebook.com\/canalsnadal\/","https:\/\/x.com\/canalsnadal","https:\/\/www.instagram.com\/canals_nadal\/"]}]}},"_links":{"self":[{"href":"https:\/\/www.canalsnadal.com\/es\/wp-json\/wp\/v2\/pages\/650","targetHints":{"allow":["GET"]}}],"collection":[{"href":"https:\/\/www.canalsnadal.com\/es\/wp-json\/wp\/v2\/pages"}],"about":[{"href":"https:\/\/www.canalsnadal.com\/es\/wp-json\/wp\/v2\/types\/page"}],"author":[{"embeddable":true,"href":"https:\/\/www.canalsnadal.com\/es\/wp-json\/wp\/v2\/users\/1"}],"replies":[{"embeddable":true,"href":"https:\/\/www.canalsnadal.com\/es\/wp-json\/wp\/v2\/comments?post=650"}],"version-history":[{"count":45,"href":"https:\/\/www.canalsnadal.com\/es\/wp-json\/wp\/v2\/pages\/650\/revisions"}],"predecessor-version":[{"id":1227,"href":"https:\/\/www.canalsnadal.com\/es\/wp-json\/wp\/v2\/pages\/650\/revisions\/1227"}],"wp:attachment":[{"href":"https:\/\/www.canalsnadal.com\/es\/wp-json\/wp\/v2\/media?parent=650"}],"curies":[{"name":"wp","href":"https:\/\/api.w.org\/{rel}","templated":true}]}}